{"id":727,"date":"2025-08-28T14:40:10","date_gmt":"2025-08-28T12:40:10","guid":{"rendered":"https:\/\/paul-amar.com\/?post_type=tribe_events&#038;p=727"},"modified":"2025-09-12T17:08:04","modified_gmt":"2025-09-12T15:08:04","slug":"yoga2-workshop-du-21-sept-2025-paris-avec-nastasia-et-son-hymalaian-kriya-yoga","status":"publish","type":"tribe_events","link":"https:\/\/paul-amar.com\/index.php\/evenement\/yoga2-workshop-du-21-sept-2025-paris-avec-nastasia-et-son-hymalaian-kriya-yoga\/","title":{"rendered":"YOGA2\u00ae : Workshop du 21 sept 2025 PARIS avec Nastasia et son Himalayan Kriya Yoga"},"content":{"rendered":"<p>Venez d\u00e9couvrir le 21 septembre 2025 notre proposition o\u00f9 le hymalian Kriya Yoga vient fusionner avec le Yoga Partner<\/p>\n<p>Pour mon 1er workshop Yoga2 j&rsquo;ai invit\u00e9 Nastasia dont j&rsquo;ai exp\u00e9riment\u00e9 l&rsquo;atelier cet \u00e9t\u00e9<\/p>\n<div class=\"et_pb_column et_pb_column_4_4 et_pb_column_0 et_pb_css_mix_blend_mode_passthrough et-last-child\">\n<div class=\"et_pb_module et_pb_text et_pb_text_0 et_pb_text_align_left et_pb_bg_layout_light\">\n<div class=\"et_pb_text_inner\">\n<p>Calendrier de mes \u00e9v\u00e9nements YOGA2\u00ae\u00a0 sur fb : <a href=\"https:\/\/www.facebook.com\/paul.amar.75\/\">https:\/\/www.facebook.com\/paul.amar.75\/<\/a><\/p>\n<p>&nbsp;<\/p>\n<p><strong>YOGA2\u00ae : Quel style de yoga ?<\/strong><\/p>\n<p>Encore peu propos\u00e9 en France : c\u2019est un yoga contemporain, dit Yoga partner, pratiqu\u00e9 dans l\u2019humour, le jeu et la complicit\u00e9 ; il d\u00e9veloppe singuli\u00e8rement l\u2019\u00e9coute globale, la connexion et l\u2019harmonisation de la relation \u00e0 l\u2019autre.<\/p>\n<p>C\u2019est un yoga ludique, sensoriel et relationnel\u2026 et pour autant, dr\u00f4lement efficace !<\/p>\n<p>Pour autant, ce n\u2019est pas de l\u2019acroyoga, pas d\u2019acrobatie : Le yoga2 est accessible \u00e0 TOUS !<\/p>\n<\/div>\n<p>Dates et horaires :<\/p>\n<p>Dimanche 21 septembre 2025 \u00e0 de 14h \u00e0 18h<br \/>\naccueil \u00e0 partir de 13h45<br \/>\nFermeture des portes : 14h<\/p>\n<p><strong>Pour qui ?<\/strong><\/p>\n<p>Tous niveaux \u2013 d\u00e9butant(e)s bienvenu(e)s<br \/>\nEn solo, en couple ou en groupe<\/p>\n<p><strong>Les facilitateurs :<\/strong><\/p>\n<p>Nastasia : Professeur de Yoga, form\u00e9e \u00e0 l\u2019Himalayan Kriya yoga, certifi\u00e9e Yoga Alliance<br \/>\nPaul Raj : Professeur de Yoga multistyle (hatha, power, Vinyasa..), certifi\u00e9 Yoga Alliance<\/p>\n<p><strong>INFOS PRATIQUES :<\/strong><\/p>\n<p>Lieu : Le loft Lechapelais Paris 17eme<\/p>\n<p>Acc\u00e8s : m\u00e9tro La fourche<\/p>\n<p><strong>Mat\u00e9riel \u00e0 apporter :<\/strong><\/p>\n<ul>\n<li>Votre gourde eau<\/li>\n<li>Votre tapis de yoga pr\u00e9f\u00e9r\u00e9 (sinon, il y en a sur place)<\/li>\n<li>Une tenue souple et confortable<\/li>\n<\/ul>\n<\/div>\n<\/div>\n<p><strong>Quels b\u00e9n\u00e9fices \u00e0 venir \u00e0 mes ateliers mensuels ? <\/strong><\/p>\n<ul class=\"wp-block-list\">\n<li style=\"list-style-type: none;\">\n<ul class=\"wp-block-list\">\n<li>un yoga qui vous rajeunira de 10 ans tout en s\u2019amusant\u00a0 (c\u2019est pour rire, enfin, \u2026pas que)<\/li>\n<\/ul>\n<\/li>\n<\/ul>\n<ul class=\"wp-block-list\">\n<li style=\"list-style-type: none;\">\n<ul class=\"wp-block-list\">\n<li>\u00a0id\u00e9al pour faire de belles rencontres avec de belles personnes<\/li>\n<\/ul>\n<\/li>\n<\/ul>\n<ul class=\"wp-block-list\">\n<li style=\"list-style-type: none;\">\n<ul class=\"wp-block-list\">\n<li>un yoga restoratif qui vous \u00e9vitera des rides disgracieuses de s\u00e9rieusit\u00e9 sur votre visage, \u00a0pour vous rendre votre teint lumineux\u00a0et rayonnant<\/li>\n<\/ul>\n<\/li>\n<\/ul>\n<ul class=\"wp-block-list\">\n<li style=\"list-style-type: none;\">\n<ul class=\"wp-block-list\">\n<li>un yoga relationnel ou l\u2019on a le droit de parler et qui vous permettra de faire connaissance avec de nouveaux partenaires de yoga (ou de vie, qui sait ?)<\/li>\n<\/ul>\n<\/li>\n<\/ul>\n<ul class=\"wp-block-list\">\n<li style=\"list-style-type: none;\">\n<ul class=\"wp-block-list\">\n<li>Un yoga qui int\u00e8gre l\u2019apprentissage du consentement et du respect de soi et de l\u2019autre<\/li>\n<\/ul>\n<\/li>\n<\/ul>\n<ul class=\"wp-block-list\">\n<li style=\"list-style-type: none;\">\n<ul class=\"wp-block-list\">\n<li>Un yoga respiratoire pour \u00e9viter les inconv\u00e9nients du jetlag, de la gueule de bois, des repas trop copieux et la fatigue de conduite<\/li>\n<\/ul>\n<\/li>\n<\/ul>\n<ul class=\"wp-block-list\">\n<li style=\"list-style-type: none;\">\n<ul class=\"wp-block-list\">\n<li>Un yoga sensoriel qui invite \u00e0 parler, \u00e0 se toucher pour se parer, s\u2019entraider ou faire des postures \u00e0 plusieurs<\/li>\n<\/ul>\n<\/li>\n<\/ul>\n<ul class=\"wp-block-list\">\n<li style=\"list-style-type: none;\">\n<ul class=\"wp-block-list\">\n<li>Un yoga parfois d\u00e9jant\u00e9 pour rire et lib\u00e9rer des hormones du plaisir avec des astuces et des tips pour des relations intimes plus \u00e9panouies<\/li>\n<\/ul>\n<\/li>\n<\/ul>\n<ul class=\"wp-block-list\">\n<li style=\"list-style-type: none;\">\n<ul class=\"wp-block-list\">\n<li>Un yoga fun qui fait aimer le yoga \u00e0 ceux qui d\u00e9teste le yoga<\/li>\n<\/ul>\n<\/li>\n<\/ul>\n<ul class=\"wp-block-list\">\n<li style=\"list-style-type: none;\">\n<ul class=\"wp-block-list\">\n<li>Un yoga pour se surprendre et s\u2019\u00e9tonner dans le jeu et la beaut\u00e9, tr\u00e8s compl\u00e9mentaire \u00e0 vos cours de yoga hebdomadaires<\/li>\n<\/ul>\n<\/li>\n<\/ul>\n<p><strong>Programme :<\/strong><\/p>\n<p>Pour ce workshop de 4h, vous aurez :<\/p>\n<ul>\n<li>Un accueil chaleureux avec une pr\u00e9sentation\u00a0 et un cercle de parole de comment cela va se d\u00e9rouler<\/li>\n<li>1 heure de Hymalaian Kriya Yoga\u00a0 incluant une\u00a0relaxation guid\u00e9e\u00a0avec Nastasia<\/li>\n<li>Une pause avec boisson bienfaisante<\/li>\n<li>Une heure et demie de Yoga partner avec Paul Raj, tout en douceur\u00a0 incluant une partie cr\u00e9ative et harmonisante<\/li>\n<li>Un moment de socialisation pour se rencontrer et \u00e9changer<\/li>\n<li>Une\u00a0\u00a0cl\u00f4ture collective<\/li>\n<\/ul>\n<p><strong>Tarifs lancement incluant animation, salle et boisson<\/strong><\/p>\n<ul>\n<li>Tarif solo : 50 \u20ac \/p<\/li>\n<li>Tarif duo ou couple : 45 \u20ac \/ p<\/li>\n<li>Tarif groupe (plus de 3 personnes) : 40 \u20ac \/p<\/li>\n<\/ul>\n<p>Venez nombreux pour d\u00e9couvrir notre proposition<\/p>\n<p>Chaleureusement,<\/p>\n<p><strong>Nastasia &amp; Paul Raj<\/strong><\/p>\n<p>&nbsp;<\/p>\n","protected":false},"excerpt":{"rendered":"<p>Cet \u00e9v\u00e9nement correspond au lancement de mes ateliers mensuels de Yoga2 : rires, fun, \u00e9coute, intelligent, relationnel,  rencontres&#8230;.pour ce Yoga Partner original<\/p>\n","protected":false},"author":1,"featured_media":729,"template":"","meta":{"_et_pb_use_builder":"","_et_pb_old_content":"","_et_gb_content_width":"","_monsterinsights_skip_tracking":false,"_monsterinsights_sitenote_active":false,"_monsterinsights_sitenote_note":"","_monsterinsights_sitenote_category":0,"_tribe_events_status":"","_tribe_events_status_reason":"","footnotes":""},"tags":[],"tribe_events_cat":[12],"class_list":["post-727","tribe_events","type-tribe_events","status-publish","has-post-thumbnail","hentry","tribe_events_cat-yoga","cat_yoga"],"_links":{"self":[{"href":"https:\/\/paul-amar.com\/index.php\/wp-json\/wp\/v2\/tribe_events\/727","targetHints":{"allow":["GET"]}}],"collection":[{"href":"https:\/\/paul-amar.com\/index.php\/wp-json\/wp\/v2\/tribe_events"}],"about":[{"href":"https:\/\/paul-amar.com\/index.php\/wp-json\/wp\/v2\/types\/tribe_events"}],"author":[{"embeddable":true,"href":"https:\/\/paul-amar.com\/index.php\/wp-json\/wp\/v2\/users\/1"}],"version-history":[{"count":6,"href":"https:\/\/paul-amar.com\/index.php\/wp-json\/wp\/v2\/tribe_events\/727\/revisions"}],"predecessor-version":[{"id":736,"href":"https:\/\/paul-amar.com\/index.php\/wp-json\/wp\/v2\/tribe_events\/727\/revisions\/736"}],"wp:featuredmedia":[{"embeddable":true,"href":"https:\/\/paul-amar.com\/index.php\/wp-json\/wp\/v2\/media\/729"}],"wp:attachment":[{"href":"https:\/\/paul-amar.com\/index.php\/wp-json\/wp\/v2\/media?parent=727"}],"wp:term":[{"taxonomy":"post_tag","embeddable":true,"href":"https:\/\/paul-amar.com\/index.php\/wp-json\/wp\/v2\/tags?post=727"},{"taxonomy":"tribe_events_cat","embeddable":true,"href":"https:\/\/paul-amar.com\/index.php\/wp-json\/wp\/v2\/tribe_events_cat?post=727"}],"curies":[{"name":"wp","href":"https:\/\/api.w.org\/{rel}","templated":true}]}}