{"id":115,"date":"2020-11-16T14:17:31","date_gmt":"2020-11-16T13:17:31","guid":{"rendered":"http:\/\/paul-amar.com\/?page_id=115"},"modified":"2026-02-25T15:12:07","modified_gmt":"2026-02-25T14:12:07","slug":"mes-approches-complementaires","status":"publish","type":"page","link":"http:\/\/paul-amar.com\/index.php\/mes-approches-complementaires\/","title":{"rendered":"Mes approches compl\u00e9mentaires"},"content":{"rendered":"\n<p><span class=\"has-inline-color has-vivid-green-cyan-color\"><\/span><\/p>\n\n\n\n<p>Ces approches particuli\u00e8res sont ins\u00e9r\u00e9es dans une s\u00e9ance de coaching ; pas de mani\u00e8re  automatique, et toujours avec le consentement et accord du client commanditaire et des coach\u00e9s. De plus en plus \u00e0 la  demande spontan\u00e9e de mes accompagn\u00e9s<\/p>\n\n\n\n<h2 class=\"wp-block-heading\"><strong>Comment le Yoga s\u2019inscrit-il dans ma pratique de coaching ?<\/strong><\/h2>\n\n\n\n<figure class=\"wp-block-gallery has-nested-images columns-default is-cropped wp-block-gallery-2 is-layout-flex wp-block-gallery-is-layout-flex\">\n<figure class=\"wp-block-image size-large\"><img loading=\"lazy\" decoding=\"async\" width=\"1024\" height=\"768\" data-id=\"331\" src=\"https:\/\/paul-amar.com\/wp-content\/uploads\/2020\/12\/Paon-1-1024x768.jpg\" alt=\"\" class=\"wp-image-331\" srcset=\"http:\/\/paul-amar.com\/wp-content\/uploads\/2020\/12\/Paon-1-1024x768.jpg 1024w, http:\/\/paul-amar.com\/wp-content\/uploads\/2020\/12\/Paon-1-300x225.jpg 300w, http:\/\/paul-amar.com\/wp-content\/uploads\/2020\/12\/Paon-1-768x576.jpg 768w, http:\/\/paul-amar.com\/wp-content\/uploads\/2020\/12\/Paon-1-1536x1152.jpg 1536w, http:\/\/paul-amar.com\/wp-content\/uploads\/2020\/12\/Paon-1-1080x810.jpg 1080w, http:\/\/paul-amar.com\/wp-content\/uploads\/2020\/12\/Paon-1.jpg 2016w\" sizes=\"(max-width: 1024px) 100vw, 1024px\" \/><figcaption class=\"wp-element-caption\">Posture du paon, une des plus difficiles<\/figcaption><\/figure>\n<\/figure>\n\n\n\n<p><br><strong>Mon exp\u00e9rience :<\/strong> Cela fait plus de 20 ans que je pratique le yoga sous diff\u00e9rentes formes parmi la trentaine de courants ; j\u2019en ai exp\u00e9riment\u00e9 une quinzaine. <\/p>\n\n\n\n<p>Depuis 10 ans j\u2019int\u00e8gre dans mes formations, mes animations, mes coaching individuels et collectifs, des s\u00e9quences de yoga dont <strong>le format s&rsquo;adapte au contexte et aux objectifs de chaque session.<\/strong><\/p>\n\n\n\n<ul class=\"wp-block-list\">\n<li>Le yoga du visage<\/li>\n\n\n\n<li>Le yoga des yeux<\/li>\n\n\n\n<li>Le Prana yoga, yoga de la respiration <\/li>\n\n\n\n<li>Le Kryia yoga, yoga de la pr\u00e9vention et de la pr\u00e9servation de la jeunesse<\/li>\n\n\n\n<li>La m\u00e9ditation, en particulier, La m\u00e9ditation dynamique<\/li>\n\n\n\n<li>Le nidra yoga visant \u00e0 la d\u00e9tente et au meilleur sommeil,<\/li>\n\n\n\n<li>Le hatha yoga dynamique permettant de se r\u00e9-\u00e9nergiser, se renforcer<\/li>\n\n\n\n<li>&#8230;<br><br><br>Le fait de travailler certaines postures de mani\u00e8re personnalis\u00e9e parfois de mani\u00e8re surprenante pour les coach\u00e9s, permet de surmonter certains obstacles mental, \u00e9motionnel, affectif ou psychologique<\/li>\n<\/ul>\n\n\n\n<figure class=\"wp-block-image size-large\"><img loading=\"lazy\" decoding=\"async\" width=\"502\" height=\"370\" src=\"http:\/\/paul-amar.com\/wp-content\/uploads\/2021\/01\/Sequence-yoga.png\" alt=\"\" class=\"wp-image-370\" srcset=\"http:\/\/paul-amar.com\/wp-content\/uploads\/2021\/01\/Sequence-yoga.png 502w, http:\/\/paul-amar.com\/wp-content\/uploads\/2021\/01\/Sequence-yoga-300x221.png 300w\" sizes=\"(max-width: 502px) 100vw, 502px\" \/><\/figure>\n\n\n\n<p><strong>Cas concret :<\/strong> Lors d\u2019un stage d\u2019accompagnement collectif que j\u2019ai co-anim\u00e9 l&rsquo;\u00e9t\u00e9 2020, j\u2019ai ins\u00e9r\u00e9 plusieurs s\u00e9quences de yoga dans le d\u00e9roulement de chaque journ\u00e9e.<\/p>\n\n\n\n<p>Une jeune cadre expatri\u00e9e, travaillant \u00e0 l\u2019ambassade d&rsquo;un pays d&rsquo;Asie en France, a r\u00e9ussi une nouvelle posture qu\u2019elle ne pensait jamais r\u00e9ussir apr\u00e8s plusieurs ann\u00e9es de pratique du yoga <\/p>\n\n\n\n<figure class=\"wp-block-image size-large\"><img loading=\"lazy\" decoding=\"async\" width=\"1024\" height=\"768\" src=\"http:\/\/paul-amar.com\/wp-content\/uploads\/2020\/11\/Sequence-yoga-1024x768.jpg\" alt=\"\" class=\"wp-image-126\" srcset=\"http:\/\/paul-amar.com\/wp-content\/uploads\/2020\/11\/Sequence-yoga-1024x768.jpg 1024w, http:\/\/paul-amar.com\/wp-content\/uploads\/2020\/11\/Sequence-yoga-300x225.jpg 300w, http:\/\/paul-amar.com\/wp-content\/uploads\/2020\/11\/Sequence-yoga-768x576.jpg 768w, http:\/\/paul-amar.com\/wp-content\/uploads\/2020\/11\/Sequence-yoga-1536x1152.jpg 1536w, http:\/\/paul-amar.com\/wp-content\/uploads\/2020\/11\/Sequence-yoga-2048x1536.jpg 2048w, http:\/\/paul-amar.com\/wp-content\/uploads\/2020\/11\/Sequence-yoga-1080x810.jpg 1080w\" sizes=\"(max-width: 1024px) 100vw, 1024px\" \/><figcaption class=\"wp-element-caption\">1er Chakrasana  : la posture du pont, le chemin le plus s\u00fbr pour traverser d&rsquo;une rive \u00e0 l&rsquo;autre<\/figcaption><\/figure>\n\n\n\n<p><\/p>\n\n\n\n<p>Cela lui a permis de se connecter \u00e0 sa puissance int\u00e9rieure et d\u2019envisager son retour dans son pays natal, avec un mental sans limite pour embrasser tous les d\u00e9fis qui l&rsquo;attendait \u00e0 son retour, &nbsp;tant personnels que professionnels.<\/p>\n\n\n\n<hr class=\"wp-block-separator has-css-opacity\"\/>\n\n\n\n<h2 class=\"wp-block-heading\"><strong>L\u2019art dans mes coachings&nbsp;:<\/strong><\/h2>\n\n\n\n\n\n<p>L\u2019art-th\u00e9rapie m\u2019a inspir\u00e9 \u00e0 plusieurs endroits dans mon parcours comme levier transformationnel que je sollicite dans mes accompagnements de coaching.<\/p>\n\n\n\n<ul class=\"wp-block-list\">\n<li>Se reconnecter \u00e0 sa capacit\u00e9 cr\u00e9ative,<\/li>\n\n\n\n<li>Utiliser l\u2019environnement cr\u00e9atif comme source d\u2019inspiration<\/li>\n\n\n\n<li>Stimuler pour changer son regard sur le monde<\/li>\n<\/ul>\n\n\n\n<p><br>Au m\u00eame titre que je coache parfois en marchant dans la nature, je coache individuellement lors de visite de mus\u00e9e, &nbsp;de vernissage d\u2019artistes les plus diverses et dans des s\u00e9quences de cr\u00e9ativit\u00e9 tr\u00e8s ludiques et impactantes<\/p>\n\n\n\n<p>Changer de lieu, de cadre, de contexte, d\u2019environnement, et propice au changement de paradigmes pour reconsid\u00e9rer nos croyances et nos repr\u00e9sentations.<\/p>\n\n\n\n<figure class=\"wp-block-image size-large\"><img loading=\"lazy\" decoding=\"async\" width=\"1024\" height=\"577\" src=\"http:\/\/paul-amar.com\/wp-content\/uploads\/2020\/11\/IMAG0015-1024x577.jpg\" alt=\"\" class=\"wp-image-128\" srcset=\"http:\/\/paul-amar.com\/wp-content\/uploads\/2020\/11\/IMAG0015-1024x577.jpg 1024w, http:\/\/paul-amar.com\/wp-content\/uploads\/2020\/11\/IMAG0015-300x169.jpg 300w, http:\/\/paul-amar.com\/wp-content\/uploads\/2020\/11\/IMAG0015-768x433.jpg 768w, http:\/\/paul-amar.com\/wp-content\/uploads\/2020\/11\/IMAG0015-1536x866.jpg 1536w, http:\/\/paul-amar.com\/wp-content\/uploads\/2020\/11\/IMAG0015-2048x1155.jpg 2048w, http:\/\/paul-amar.com\/wp-content\/uploads\/2020\/11\/IMAG0015-1080x609.jpg 1080w\" sizes=\"(max-width: 1024px) 100vw, 1024px\" \/><figcaption class=\"wp-element-caption\">Miss Tick au vernissage  Street Art &#8211; Mus\u00e9e de la Poste<\/figcaption><\/figure>\n\n\n\n<p>J&rsquo;aime \u00e9galement l&rsquo;architecture et les choix artistiques de la fondation Louis Vuitton<\/p>\n\n\n\n<figure class=\"wp-block-gallery has-nested-images columns-2 is-cropped wp-block-gallery-3 is-layout-flex wp-block-gallery-is-layout-flex\">\n<figure class=\"wp-block-image size-medium\"><img loading=\"lazy\" decoding=\"async\" width=\"169\" height=\"300\" data-id=\"297\" src=\"https:\/\/paul-amar.com\/wp-content\/uploads\/2020\/12\/20151030_152151-169x300.jpg\" alt=\"\" class=\"wp-image-297\" srcset=\"http:\/\/paul-amar.com\/wp-content\/uploads\/2020\/12\/20151030_152151-169x300.jpg 169w, http:\/\/paul-amar.com\/wp-content\/uploads\/2020\/12\/20151030_152151-576x1024.jpg 576w, http:\/\/paul-amar.com\/wp-content\/uploads\/2020\/12\/20151030_152151-768x1365.jpg 768w, http:\/\/paul-amar.com\/wp-content\/uploads\/2020\/12\/20151030_152151-864x1536.jpg 864w, http:\/\/paul-amar.com\/wp-content\/uploads\/2020\/12\/20151030_152151-1152x2048.jpg 1152w, http:\/\/paul-amar.com\/wp-content\/uploads\/2020\/12\/20151030_152151-1080x1920.jpg 1080w, http:\/\/paul-amar.com\/wp-content\/uploads\/2020\/12\/20151030_152151-scaled.jpg 1440w\" sizes=\"(max-width: 169px) 100vw, 169px\" \/><\/figure>\n\n\n\n<figure class=\"wp-block-image size-medium\"><img loading=\"lazy\" decoding=\"async\" width=\"169\" height=\"300\" data-id=\"298\" src=\"https:\/\/paul-amar.com\/wp-content\/uploads\/2020\/12\/20151030_152252-169x300.jpg\" alt=\"\" class=\"wp-image-298\" srcset=\"http:\/\/paul-amar.com\/wp-content\/uploads\/2020\/12\/20151030_152252-169x300.jpg 169w, http:\/\/paul-amar.com\/wp-content\/uploads\/2020\/12\/20151030_152252-576x1024.jpg 576w, http:\/\/paul-amar.com\/wp-content\/uploads\/2020\/12\/20151030_152252-768x1365.jpg 768w, http:\/\/paul-amar.com\/wp-content\/uploads\/2020\/12\/20151030_152252-864x1536.jpg 864w, http:\/\/paul-amar.com\/wp-content\/uploads\/2020\/12\/20151030_152252-1152x2048.jpg 1152w, http:\/\/paul-amar.com\/wp-content\/uploads\/2020\/12\/20151030_152252-1080x1920.jpg 1080w, http:\/\/paul-amar.com\/wp-content\/uploads\/2020\/12\/20151030_152252-scaled.jpg 1440w\" sizes=\"(max-width: 169px) 100vw, 169px\" \/><\/figure>\n<\/figure>\n\n\n\n<p>\u2026ou lors de s\u00e9ances de coaching en marchant dans les rues de Paris&nbsp;: v\u00e9ritables sources illustr\u00e9es de photo-langage.<\/p>\n\n\n\n<figure class=\"wp-block-gallery has-nested-images columns-default is-cropped wp-block-gallery-4 is-layout-flex wp-block-gallery-is-layout-flex\">\n<figure class=\"wp-block-image size-large\"><img loading=\"lazy\" decoding=\"async\" width=\"768\" height=\"1024\" data-id=\"151\" src=\"https:\/\/paul-amar.com\/wp-content\/uploads\/2020\/11\/IMG_8200-768x1024.jpg\" alt=\"\" class=\"wp-image-151\" srcset=\"http:\/\/paul-amar.com\/wp-content\/uploads\/2020\/11\/IMG_8200-768x1024.jpg 768w, http:\/\/paul-amar.com\/wp-content\/uploads\/2020\/11\/IMG_8200-225x300.jpg 225w, http:\/\/paul-amar.com\/wp-content\/uploads\/2020\/11\/IMG_8200-1152x1536.jpg 1152w, http:\/\/paul-amar.com\/wp-content\/uploads\/2020\/11\/IMG_8200-1536x2048.jpg 1536w, http:\/\/paul-amar.com\/wp-content\/uploads\/2020\/11\/IMG_8200-1080x1440.jpg 1080w, http:\/\/paul-amar.com\/wp-content\/uploads\/2020\/11\/IMG_8200-scaled.jpg 1920w\" sizes=\"(max-width: 768px) 100vw, 768px\" \/><\/figure>\n\n\n\n<figure class=\"wp-block-image size-large\"><img loading=\"lazy\" decoding=\"async\" width=\"768\" height=\"1024\" data-id=\"152\" src=\"https:\/\/paul-amar.com\/wp-content\/uploads\/2020\/11\/IMG_8206-768x1024.jpg\" alt=\"\" class=\"wp-image-152\" srcset=\"http:\/\/paul-amar.com\/wp-content\/uploads\/2020\/11\/IMG_8206-768x1024.jpg 768w, http:\/\/paul-amar.com\/wp-content\/uploads\/2020\/11\/IMG_8206-225x300.jpg 225w, http:\/\/paul-amar.com\/wp-content\/uploads\/2020\/11\/IMG_8206-1152x1536.jpg 1152w, http:\/\/paul-amar.com\/wp-content\/uploads\/2020\/11\/IMG_8206-1536x2048.jpg 1536w, http:\/\/paul-amar.com\/wp-content\/uploads\/2020\/11\/IMG_8206-1080x1440.jpg 1080w, http:\/\/paul-amar.com\/wp-content\/uploads\/2020\/11\/IMG_8206-scaled.jpg 1920w\" sizes=\"(max-width: 768px) 100vw, 768px\" \/><\/figure>\n\n\n\n<figure class=\"wp-block-image size-large\"><img loading=\"lazy\" decoding=\"async\" width=\"1024\" height=\"768\" data-id=\"153\" src=\"https:\/\/paul-amar.com\/wp-content\/uploads\/2020\/11\/IMG_8215-1024x768.jpg\" alt=\"\" class=\"wp-image-153\" srcset=\"http:\/\/paul-amar.com\/wp-content\/uploads\/2020\/11\/IMG_8215-1024x768.jpg 1024w, http:\/\/paul-amar.com\/wp-content\/uploads\/2020\/11\/IMG_8215-300x225.jpg 300w, http:\/\/paul-amar.com\/wp-content\/uploads\/2020\/11\/IMG_8215-768x576.jpg 768w, http:\/\/paul-amar.com\/wp-content\/uploads\/2020\/11\/IMG_8215-1536x1152.jpg 1536w, http:\/\/paul-amar.com\/wp-content\/uploads\/2020\/11\/IMG_8215-2048x1536.jpg 2048w, http:\/\/paul-amar.com\/wp-content\/uploads\/2020\/11\/IMG_8215-1080x810.jpg 1080w\" sizes=\"(max-width: 1024px) 100vw, 1024px\" \/><\/figure>\n\n\n\n<figure class=\"wp-block-image size-large\"><img loading=\"lazy\" decoding=\"async\" width=\"1024\" height=\"768\" data-id=\"154\" src=\"https:\/\/paul-amar.com\/wp-content\/uploads\/2020\/11\/IMG_8216-1024x768.jpg\" alt=\"\" class=\"wp-image-154\" srcset=\"http:\/\/paul-amar.com\/wp-content\/uploads\/2020\/11\/IMG_8216-1024x768.jpg 1024w, http:\/\/paul-amar.com\/wp-content\/uploads\/2020\/11\/IMG_8216-300x225.jpg 300w, http:\/\/paul-amar.com\/wp-content\/uploads\/2020\/11\/IMG_8216-768x576.jpg 768w, http:\/\/paul-amar.com\/wp-content\/uploads\/2020\/11\/IMG_8216-1536x1152.jpg 1536w, http:\/\/paul-amar.com\/wp-content\/uploads\/2020\/11\/IMG_8216-2048x1536.jpg 2048w, http:\/\/paul-amar.com\/wp-content\/uploads\/2020\/11\/IMG_8216-1080x810.jpg 1080w\" sizes=\"(max-width: 1024px) 100vw, 1024px\" \/><\/figure>\n\n\n\n<figure class=\"wp-block-image size-large\"><img loading=\"lazy\" decoding=\"async\" width=\"768\" height=\"1024\" data-id=\"155\" src=\"https:\/\/paul-amar.com\/wp-content\/uploads\/2020\/11\/IMG_8217-768x1024.jpg\" alt=\"\" class=\"wp-image-155\" srcset=\"http:\/\/paul-amar.com\/wp-content\/uploads\/2020\/11\/IMG_8217-768x1024.jpg 768w, http:\/\/paul-amar.com\/wp-content\/uploads\/2020\/11\/IMG_8217-225x300.jpg 225w, http:\/\/paul-amar.com\/wp-content\/uploads\/2020\/11\/IMG_8217-1152x1536.jpg 1152w, http:\/\/paul-amar.com\/wp-content\/uploads\/2020\/11\/IMG_8217-1536x2048.jpg 1536w, http:\/\/paul-amar.com\/wp-content\/uploads\/2020\/11\/IMG_8217-1080x1440.jpg 1080w, http:\/\/paul-amar.com\/wp-content\/uploads\/2020\/11\/IMG_8217-scaled.jpg 1920w\" sizes=\"(max-width: 768px) 100vw, 768px\" \/><\/figure>\n\n\n\n<figure class=\"wp-block-image size-large\"><img loading=\"lazy\" decoding=\"async\" width=\"1024\" height=\"768\" data-id=\"156\" src=\"https:\/\/paul-amar.com\/wp-content\/uploads\/2020\/11\/IMG_8219-1024x768.jpg\" alt=\"\" class=\"wp-image-156\" srcset=\"http:\/\/paul-amar.com\/wp-content\/uploads\/2020\/11\/IMG_8219-1024x768.jpg 1024w, http:\/\/paul-amar.com\/wp-content\/uploads\/2020\/11\/IMG_8219-300x225.jpg 300w, http:\/\/paul-amar.com\/wp-content\/uploads\/2020\/11\/IMG_8219-768x576.jpg 768w, http:\/\/paul-amar.com\/wp-content\/uploads\/2020\/11\/IMG_8219-1536x1152.jpg 1536w, http:\/\/paul-amar.com\/wp-content\/uploads\/2020\/11\/IMG_8219-2048x1536.jpg 2048w, http:\/\/paul-amar.com\/wp-content\/uploads\/2020\/11\/IMG_8219-1080x810.jpg 1080w\" sizes=\"(max-width: 1024px) 100vw, 1024px\" \/><\/figure>\n<\/figure>\n\n\n\n<p>Ces cheminements artistiques sont propices \u00e0 lib\u00e9rer la cr\u00e9ativit\u00e9 dans mes sessions d&rsquo;accompagnement : des \u0153uvres symboliques et des cr\u00e9ations personnelles qui peuvent d\u00e9clencher des prises de conscience sur des situations ou des projets<\/p>\n\n\n\n<figure class=\"wp-block-gallery has-nested-images columns-default is-cropped wp-block-gallery-5 is-layout-flex wp-block-gallery-is-layout-flex\">\n<figure class=\"wp-block-image size-large\"><img loading=\"lazy\" decoding=\"async\" width=\"640\" height=\"480\" data-id=\"157\" src=\"https:\/\/paul-amar.com\/wp-content\/uploads\/2020\/11\/IMG_8168.jpg\" alt=\"\" class=\"wp-image-157\" srcset=\"http:\/\/paul-amar.com\/wp-content\/uploads\/2020\/11\/IMG_8168.jpg 640w, http:\/\/paul-amar.com\/wp-content\/uploads\/2020\/11\/IMG_8168-300x225.jpg 300w\" sizes=\"(max-width: 640px) 100vw, 640px\" \/><figcaption class=\"wp-element-caption\"><br>La connexion int\u00e9rieure du Masculin-F\u00e9minin\u00a0\u00a0\u00a0\u00a0\u00a0<\/figcaption><\/figure>\n\n\n\n<figure class=\"wp-block-image size-large\"><img loading=\"lazy\" decoding=\"async\" width=\"640\" height=\"480\" data-id=\"158\" src=\"https:\/\/paul-amar.com\/wp-content\/uploads\/2020\/11\/IMG_8169.jpg\" alt=\"\" class=\"wp-image-158\" srcset=\"http:\/\/paul-amar.com\/wp-content\/uploads\/2020\/11\/IMG_8169.jpg 640w, http:\/\/paul-amar.com\/wp-content\/uploads\/2020\/11\/IMG_8169-300x225.jpg 300w\" sizes=\"(max-width: 640px) 100vw, 640px\" \/><figcaption class=\"wp-element-caption\"><br><br><br><br>la spirale du d\u00e9veloppement<\/figcaption><\/figure>\n<\/figure>\n\n\n\n<hr class=\"wp-block-separator has-css-opacity\"\/>\n\n\n\n<h2 class=\"wp-block-heading\">L\u2019apport de la danse et des approches psycho-corporelles&nbsp;:<\/h2>\n\n\n\n<p>La danse a toujours \u00e9t\u00e9 pour moi une vraie joie profonde, une ressource de tous les moments, un chemin de transformation physique et bien au-del\u00e0&nbsp;: oui, &nbsp;je danse ma vie et la vie est une danse<\/p>\n\n\n\n<figure class=\"wp-block-embed is-type-video is-provider-youtube wp-block-embed-youtube wp-embed-aspect-16-9 wp-has-aspect-ratio\"><div class=\"wp-block-embed__wrapper\">\n<iframe loading=\"lazy\" title=\"Le Grand Bal, variations autour de &quot;Messe pour le temps pr\u00e9sent&quot;\" width=\"1080\" height=\"608\" src=\"https:\/\/www.youtube.com\/embed\/M1wmxI97m20?feature=oembed\"  allow=\"accelerometer; autoplay; clipboard-write; encrypted-media; gyroscope; picture-in-picture; web-share\" referrerpolicy=\"strict-origin-when-cross-origin\" allowfullscreen><\/iframe>\n<\/div><\/figure>\n\n\n\n<p><br>L\u2019exp\u00e9rience de Danse la plus transformationnel pour moi a certainement \u00e9t\u00e9 de participer \u00e0 un \u00e9v\u00e9nement national au Grand Palais \u00e0 Paris en 2017&nbsp;:<br>200 danseurs professionnels de 7 compagnies professionnelles ont revisit\u00e9 Le requiem de Maurice B\u00e9jart avec l&rsquo;aide de 300 danseurs amateurs pour  accompagner  5000 spectateurs \u00e0 danser la diversit\u00e9.<br>C\u2019est l\u2019une des 7 chor\u00e9graphes sollicit\u00e9s pour cet \u00e9v\u00e8nement, &nbsp;Chantal Loial, Directrice Artistique de la troupe afro-antillaise Dif\u00e9 Kakou &nbsp;qui m\u2019a invit\u00e9 \u00e0 rejoindre ces collectifs m\u00e9tiss\u00e9s.<\/p>\n\n\n\n<p><\/p>\n\n\n\n<figure class=\"wp-block-image size-large is-resized\"><img loading=\"lazy\" decoding=\"async\" width=\"480\" height=\"640\" src=\"http:\/\/paul-amar.com\/wp-content\/uploads\/2020\/11\/IMG_8234-2-rotated.jpg\" alt=\"\" class=\"wp-image-160\" style=\"width:240px;height:320px\" srcset=\"http:\/\/paul-amar.com\/wp-content\/uploads\/2020\/11\/IMG_8234-2-rotated.jpg 480w, http:\/\/paul-amar.com\/wp-content\/uploads\/2020\/11\/IMG_8234-2-225x300.jpg 225w\" sizes=\"(max-width: 480px) 100vw, 480px\" \/><\/figure>\n\n\n\n<p>Un chemin qui  enrichit  mes approches d&rsquo;accompagnement  :<\/p>\n\n\n\n<p>Je me suis sensibilis\u00e9 aux d\u00e9marches psycho-corporel,  principalement dans la lign\u00e9e de Danis Bois, inventeur de la Fasciath\u00e9rapie et du mouvement th\u00e9rapeutique durant 5 stages &nbsp;que j\u2019ai suivi avec <strong>Claudia NOTTALE, Karine Grenier, Florence Dizien et Philippe Ropert<\/strong>, <strong>Karem Ortiz<\/strong>&nbsp; et d\u00e8s 2019 de nombreuses exp\u00e9riences de danse contact et danse du sensible avec<strong> Adeline de Suyro<\/strong>t<\/p>\n\n\n\n<p>Les simples s\u00e9quences de mouvement ou de danse libre que j\u2019injecte dans mes s\u00e9ances de coaching individuel ou collectif apporte souvent ce que les personnes accompagn\u00e9es ont besoin sur le moment pour avancer sur leur chemin.<\/p>\n\n\n\n<figure class=\"wp-block-image size-large\"><img loading=\"lazy\" decoding=\"async\" width=\"496\" height=\"372\" src=\"http:\/\/paul-amar.com\/wp-content\/uploads\/2020\/12\/Danse-du-sensible.png\" alt=\"\" class=\"wp-image-254\" srcset=\"http:\/\/paul-amar.com\/wp-content\/uploads\/2020\/12\/Danse-du-sensible.png 496w, http:\/\/paul-amar.com\/wp-content\/uploads\/2020\/12\/Danse-du-sensible-300x225.png 300w\" sizes=\"(max-width: 496px) 100vw, 496px\" \/><\/figure>\n\n\n\n<p><\/p>\n\n\n\n<p><br>B\u00e9n\u00e9fice pour le coach\u00e9 : une participante a t\u00e9moign\u00e9  \u00e0 la fin de la journ\u00e9e de ce collectif, qu\u2019elle avait pour la premi\u00e8re fois exp\u00e9riment\u00e9 une qualit\u00e9 d\u2019\u00e9coute int\u00e9rieure sans pr\u00e9c\u00e9dent lui permettant&nbsp; un  meilleur dialogue int\u00e9rieur pour ses prochaines d\u00e9cisions strat\u00e9giques.<\/p>\n\n\n\n<hr class=\"wp-block-separator has-css-opacity\"\/>\n\n\n\n<h2 class=\"wp-block-heading\"><strong><u>La voix, le rythme et le chant dans mes coachings&nbsp;:<\/u><\/strong><\/h2>\n\n\n\n<figure class=\"wp-block-gallery has-nested-images columns-default is-cropped wp-block-gallery-6 is-layout-flex wp-block-gallery-is-layout-flex\">\n<figure class=\"wp-block-image size-large\"><img loading=\"lazy\" decoding=\"async\" width=\"640\" height=\"480\" data-id=\"161\" src=\"https:\/\/paul-amar.com\/wp-content\/uploads\/2020\/11\/P1050652.jpg\" alt=\"\" class=\"wp-image-161\" srcset=\"http:\/\/paul-amar.com\/wp-content\/uploads\/2020\/11\/P1050652.jpg 640w, http:\/\/paul-amar.com\/wp-content\/uploads\/2020\/11\/P1050652-300x225.jpg 300w\" sizes=\"(max-width: 640px) 100vw, 640px\" \/><figcaption class=\"wp-element-caption\">Com\u00e9die musicale Hair<\/figcaption><\/figure>\n<\/figure>\n\n\n\n<p>Le travail de la musique et plus particuli\u00e8rement de la voix, du son et du rythme&nbsp;sont certainement ceux qui r\u00e9sonne le plus \u00e0 mes oreilles ;  J\u2019ai d\u2019ailleurs fait mon m\u00e9moire de Master 2 en Business Coaching sur l\u2019adage <\/p>\n\n\n\n<p class=\"has-text-align-center\"><strong>\u00ab Tout est rythme\u00bb<\/strong><\/p>\n\n\n\n<p>Chanteur t\u00e9nor, durant plusieurs ann\u00e9es, d\u2019une chorale&nbsp;polyphonique amateur, je suis  mont\u00e9 sur sc\u00e8ne tant dans des concerts de 900 places ou dans le cadre de b\u00e9n\u00e9volat en maison de retraite ou  psychatrique<\/p>\n\n\n\n<p>&nbsp;Puis j\u2019ai chant\u00e9 en solo accompagn\u00e9 de coachs vocaux qui m\u2019ont permis d&rsquo;avancer dans diff\u00e9rents registres&nbsp;:<\/p>\n\n\n\n<ul class=\"wp-block-list\">\n<li>Coach CVT\u00a0: Complet Vocal Techniques, m\u00e9thode danoise que j\u2019ai exp\u00e9riment\u00e9 avec la directrice technique d\u2019un gospel parisien pour explorer la puissance et les effets de sa propre voix<\/li>\n\n\n\n<li>Coach Interpr\u00e9tation et partage des \u00e9motions\u00a0: avec des s\u00e9quences de duos spontan\u00e9s au sein de collectifs<\/li>\n\n\n\n<li>Coach vocal com\u00e9die musical\u00a0: trouver son registre et exprimer sa personnalit\u00e9<\/li>\n\n\n\n<li>Coach de chant spontan\u00e9 indien\u00a0: en gardant l\u2019\u00e9coute int\u00e9rieure et ext\u00e9rieure vers les autres chanteurs et musiciens<\/li>\n<\/ul>\n\n\n\n\n\n<p><br><br>J\u2019int\u00e8gre, seul ou avec des  partenaires coachs, musiciens et sonotherapeutes,&nbsp;le travail de la voix, du rythme ou du chant&nbsp;dans des s\u00e9quences de coaching individuel ou collective avec diff\u00e9rents objectifs :<\/p>\n\n\n\n<p class=\"has-text-align-center\"><br>L\u2019expression personnelle cr\u00e9ative, <\/p>\n\n\n\n<p class=\"has-text-align-center\">la confiance et l\u2019estime de soi, <\/p>\n\n\n\n<p class=\"has-text-align-center\">le d\u00e9veloppement de l\u2019\u00e9coute globale, <\/p>\n\n\n\n<p class=\"has-text-align-center\">le sentiment d\u2019appartenance \u00e0 un collectif dans la diversit\u00e9 \u2026<br><br><\/p>\n\n\n\n<p><\/p>\n\n\n\n<hr class=\"wp-block-separator has-css-opacity\"\/>\n\n\n\n<h2 class=\"wp-block-heading\">L&rsquo;approche \u00e9nerg\u00e9tique<\/h2>\n\n\n\n<p>Depuis plus de 37 ans, je suis un grand amateur de massages.&nbsp; <\/p>\n\n\n\n<p>C&rsquo;est pour moi comme un voyage, une danse, qui se nourrit du ressenti de l\u2019autre, toujours avec une dimension personnelle qui va au-del\u00e0 du corps&nbsp;: je parle de <strong>connexion<\/strong><\/p>\n\n\n\n<p>Cette connexion subtile donne au coach que je suis des informations pr\u00e9cieuses sur l\u2019\u00e9tat \u00e9nerg\u00e9tique de la personne<\/p>\n\n\n\n<p>Michel Giffard, Directeur p\u00e9dagogique de HEC Coaching, pr\u00e9sente dans son dernier livre \u00ab&nbsp;Global coaching for the whole being&nbsp;\u00bb&nbsp; l\u2019approche du coaching des 7 chakras. Je le remercie, lui qui a une telle exp\u00e9rience du coaching, d\u2019avoir l\u2019audace de th\u00e9oriser ce que nombre d\u2019accompagnants ont pu vivre dans leur pratique.<\/p>\n\n\n\n<p>Bien s\u00fbr, je ne pratique pas de massage m\u00e9dical ou th\u00e9rapeutique<\/p>\n\n\n\n<p>Grace \u00e0 un toucher et un ressenti&nbsp; tr\u00e8s sensible, j\u2019ai appris  de nombreuses sortes de massages de diff\u00e9rentes cultures qui s\u2019affilie davantage au bien-\u00eatre et \u00e0 la bonne circulation de l&rsquo;\u00e9nergie dans le corps<\/p>\n\n\n\n<figure class=\"wp-block-image size-large\"><img loading=\"lazy\" decoding=\"async\" width=\"768\" height=\"1024\" src=\"http:\/\/paul-amar.com\/wp-content\/uploads\/2020\/11\/IMG_4317-768x1024.jpg\" alt=\"\" class=\"wp-image-165\" srcset=\"http:\/\/paul-amar.com\/wp-content\/uploads\/2020\/11\/IMG_4317-768x1024.jpg 768w, http:\/\/paul-amar.com\/wp-content\/uploads\/2020\/11\/IMG_4317-225x300.jpg 225w, http:\/\/paul-amar.com\/wp-content\/uploads\/2020\/11\/IMG_4317-1152x1536.jpg 1152w, http:\/\/paul-amar.com\/wp-content\/uploads\/2020\/11\/IMG_4317-1080x1440.jpg 1080w, http:\/\/paul-amar.com\/wp-content\/uploads\/2020\/11\/IMG_4317-rotated.jpg 1512w\" sizes=\"(max-width: 768px) 100vw, 768px\" \/><figcaption class=\"wp-element-caption\">Mantak Chia lors de sa formation \u00e9nerg\u00e9tique chinoise d\u2019une semaine \u00e0 Paris en 2019<br><\/figcaption><\/figure>\n\n\n\n<p>J\u2019ai chemin\u00e9 sur cette voie avec des rencontres et des ateliers qui ont enrichie mon savoir et ma pratique <\/p>\n\n\n\n<p>En Indon\u00e9sie, lors d\u2019un voyage initiatique, j\u2019ai eu l\u2019opportunit\u00e9 de rencontrer plusieurs praticiens traditionnels  : ils ont partag\u00e9 avec moi leur approche, sur moi et sur leurs patients qui ont accept\u00e9 ma pr\u00e9sence et mon apprentissage dans ce but p\u00e9dagogique.<\/p>\n\n\n\n<figure class=\"wp-block-gallery has-nested-images columns-default is-cropped wp-block-gallery-7 is-layout-flex wp-block-gallery-is-layout-flex\">\n<figure class=\"wp-block-image size-large\"><img loading=\"lazy\" decoding=\"async\" width=\"1024\" height=\"768\" data-id=\"168\" src=\"https:\/\/paul-amar.com\/wp-content\/uploads\/2020\/11\/IMG_2214-1-1024x768.jpg\" alt=\"\" class=\"wp-image-168\" srcset=\"http:\/\/paul-amar.com\/wp-content\/uploads\/2020\/11\/IMG_2214-1-1024x768.jpg 1024w, http:\/\/paul-amar.com\/wp-content\/uploads\/2020\/11\/IMG_2214-1-300x225.jpg 300w, http:\/\/paul-amar.com\/wp-content\/uploads\/2020\/11\/IMG_2214-1-768x576.jpg 768w, http:\/\/paul-amar.com\/wp-content\/uploads\/2020\/11\/IMG_2214-1-1536x1152.jpg 1536w, http:\/\/paul-amar.com\/wp-content\/uploads\/2020\/11\/IMG_2214-1-2048x1536.jpg 2048w, http:\/\/paul-amar.com\/wp-content\/uploads\/2020\/11\/IMG_2214-1-1080x810.jpg 1080w\" sizes=\"(max-width: 1024px) 100vw, 1024px\" \/><\/figure>\n\n\n\n<figure class=\"wp-block-image size-large\"><img loading=\"lazy\" decoding=\"async\" width=\"1024\" height=\"768\" data-id=\"169\" src=\"https:\/\/paul-amar.com\/wp-content\/uploads\/2020\/11\/IMG_2225-1-1024x768.jpg\" alt=\"\" class=\"wp-image-169\" srcset=\"http:\/\/paul-amar.com\/wp-content\/uploads\/2020\/11\/IMG_2225-1-1024x768.jpg 1024w, http:\/\/paul-amar.com\/wp-content\/uploads\/2020\/11\/IMG_2225-1-300x225.jpg 300w, http:\/\/paul-amar.com\/wp-content\/uploads\/2020\/11\/IMG_2225-1-768x576.jpg 768w, http:\/\/paul-amar.com\/wp-content\/uploads\/2020\/11\/IMG_2225-1-1536x1152.jpg 1536w, http:\/\/paul-amar.com\/wp-content\/uploads\/2020\/11\/IMG_2225-1-2048x1536.jpg 2048w, http:\/\/paul-amar.com\/wp-content\/uploads\/2020\/11\/IMG_2225-1-1080x810.jpg 1080w\" sizes=\"(max-width: 1024px) 100vw, 1024px\" \/><\/figure>\n\n\n\n<figure class=\"wp-block-image size-large\"><img loading=\"lazy\" decoding=\"async\" width=\"1024\" height=\"768\" data-id=\"170\" src=\"https:\/\/paul-amar.com\/wp-content\/uploads\/2020\/11\/IMG_2226-1-1024x768.jpg\" alt=\"\" class=\"wp-image-170\" srcset=\"http:\/\/paul-amar.com\/wp-content\/uploads\/2020\/11\/IMG_2226-1-1024x768.jpg 1024w, http:\/\/paul-amar.com\/wp-content\/uploads\/2020\/11\/IMG_2226-1-300x225.jpg 300w, http:\/\/paul-amar.com\/wp-content\/uploads\/2020\/11\/IMG_2226-1-768x576.jpg 768w, http:\/\/paul-amar.com\/wp-content\/uploads\/2020\/11\/IMG_2226-1-1536x1152.jpg 1536w, http:\/\/paul-amar.com\/wp-content\/uploads\/2020\/11\/IMG_2226-1-2048x1536.jpg 2048w, http:\/\/paul-amar.com\/wp-content\/uploads\/2020\/11\/IMG_2226-1-1080x810.jpg 1080w\" sizes=\"(max-width: 1024px) 100vw, 1024px\" \/><\/figure>\n\n\n\n<figure class=\"wp-block-image size-large\"><img loading=\"lazy\" decoding=\"async\" width=\"1024\" height=\"768\" data-id=\"171\" src=\"https:\/\/paul-amar.com\/wp-content\/uploads\/2020\/11\/IMG_4881-1-1024x768.jpg\" alt=\"\" class=\"wp-image-171\" srcset=\"http:\/\/paul-amar.com\/wp-content\/uploads\/2020\/11\/IMG_4881-1-1024x768.jpg 1024w, http:\/\/paul-amar.com\/wp-content\/uploads\/2020\/11\/IMG_4881-1-300x225.jpg 300w, http:\/\/paul-amar.com\/wp-content\/uploads\/2020\/11\/IMG_4881-1-768x576.jpg 768w, http:\/\/paul-amar.com\/wp-content\/uploads\/2020\/11\/IMG_4881-1-1536x1152.jpg 1536w, http:\/\/paul-amar.com\/wp-content\/uploads\/2020\/11\/IMG_4881-1-2048x1536.jpg 2048w, http:\/\/paul-amar.com\/wp-content\/uploads\/2020\/11\/IMG_4881-1-1080x810.jpg 1080w\" sizes=\"(max-width: 1024px) 100vw, 1024px\" \/><\/figure>\n<\/figure>\n\n\n\n<p><span class=\"has-inline-color has-vivid-red-color\"><\/span><\/p>\n\n\n\n<p><\/p>\n","protected":false},"excerpt":{"rendered":"<p>Ces approches particuli\u00e8res sont ins\u00e9r\u00e9es dans une s\u00e9ance de coaching ; pas de mani\u00e8re automatique, et toujours avec le consentement et accord du client commanditaire et des coach\u00e9s. De plus [&hellip;]<\/p>\n","protected":false},"author":1,"featured_media":0,"parent":0,"menu_order":0,"comment_status":"closed","ping_status":"closed","template":"","meta":{"_et_pb_use_builder":"","_et_pb_old_content":"","_et_gb_content_width":"1080","_monsterinsights_skip_tracking":false,"_monsterinsights_sitenote_active":false,"_monsterinsights_sitenote_note":"","_monsterinsights_sitenote_category":0,"footnotes":""},"class_list":["post-115","page","type-page","status-publish","hentry"],"_links":{"self":[{"href":"http:\/\/paul-amar.com\/index.php\/wp-json\/wp\/v2\/pages\/115","targetHints":{"allow":["GET"]}}],"collection":[{"href":"http:\/\/paul-amar.com\/index.php\/wp-json\/wp\/v2\/pages"}],"about":[{"href":"http:\/\/paul-amar.com\/index.php\/wp-json\/wp\/v2\/types\/page"}],"author":[{"embeddable":true,"href":"http:\/\/paul-amar.com\/index.php\/wp-json\/wp\/v2\/users\/1"}],"replies":[{"embeddable":true,"href":"http:\/\/paul-amar.com\/index.php\/wp-json\/wp\/v2\/comments?post=115"}],"version-history":[{"count":23,"href":"http:\/\/paul-amar.com\/index.php\/wp-json\/wp\/v2\/pages\/115\/revisions"}],"predecessor-version":[{"id":445,"href":"http:\/\/paul-amar.com\/index.php\/wp-json\/wp\/v2\/pages\/115\/revisions\/445"}],"wp:attachment":[{"href":"http:\/\/paul-amar.com\/index.php\/wp-json\/wp\/v2\/media?parent=115"}],"curies":[{"name":"wp","href":"https:\/\/api.w.org\/{rel}","templated":true}]}}